{"id":49316,"date":"2025-11-27T11:42:46","date_gmt":"2025-11-27T11:42:46","guid":{"rendered":"https:\/\/andana.uv.es\/?page_id=49316"},"modified":"2026-03-24T08:11:36","modified_gmt":"2026-03-24T08:11:36","slug":"congresos","status":"publish","type":"page","link":"https:\/\/andana.uv.es\/val\/resultados-transferencia\/congresos\/","title":{"rendered":"Congressos"},"content":{"rendered":"<div data-elementor-type=\"wp-page\" data-elementor-id=\"49316\" class=\"elementor elementor-49316\">\n\t\t\t\t<div class=\"elementor-element elementor-element-93263f3 e-flex e-con-boxed e-con e-parent\" data-id=\"93263f3\" data-element_type=\"container\" data-e-type=\"container\" data-settings=\"{&quot;background_background&quot;:&quot;classic&quot;}\">\n\t\t\t\t\t<div class=\"e-con-inner\">\n\t\t<div class=\"elementor-element elementor-element-6c32ff7 e-flex e-con-boxed e-con e-child\" data-id=\"6c32ff7\" data-element_type=\"container\" data-e-type=\"container\">\n\t\t\t\t\t<div class=\"e-con-inner\">\n\t\t\t\t<div class=\"elementor-element elementor-element-888fcee elementor-widget elementor-widget-heading\" data-id=\"888fcee\" data-element_type=\"widget\" data-e-type=\"widget\" data-widget_type=\"heading.default\">\n\t\t\t\t<div class=\"elementor-widget-container\">\n\t\t\t\t\t<h1 class=\"elementor-heading-title elementor-size-default\">Congressos<\/h1>\t\t\t\t<\/div>\n\t\t\t\t<\/div>\n\t\t\t\t\t<\/div>\n\t\t\t\t<\/div>\n\t\t\t\t\t<\/div>\n\t\t\t\t<\/div>\n\t\t<div class=\"elementor-element elementor-element-cec7d20 e-flex e-con-boxed e-con e-parent\" data-id=\"cec7d20\" data-element_type=\"container\" data-e-type=\"container\">\n\t\t\t\t\t<div class=\"e-con-inner\">\n\t\t\t\t<div class=\"elementor-element elementor-element-e6f68de elementor-widget elementor-widget-heading\" data-id=\"e6f68de\" data-element_type=\"widget\" data-e-type=\"widget\" data-widget_type=\"heading.default\">\n\t\t\t\t<div class=\"elementor-widget-container\">\n\t\t\t\t\t<h2 class=\"elementor-heading-title elementor-size-default\">I Congr\u00e9s Internacional d\u2019ANDANA<\/h2>\t\t\t\t<\/div>\n\t\t\t\t<\/div>\n\t\t\t\t<div class=\"elementor-element elementor-element-9cd015e elementor-widget elementor-widget-text-editor\" data-id=\"9cd015e\" data-element_type=\"widget\" data-e-type=\"widget\" data-widget_type=\"text-editor.default\">\n\t\t\t\t<div class=\"elementor-widget-container\">\n\t\t\t\t\t\t\t\t\t<h5 style=\"text-align: center;\"><strong>PRIMERA CIRCULAR (MAR\u00c7 2026)<\/strong><\/h5>\t\t\t\t\t\t\t\t<\/div>\n\t\t\t\t<\/div>\n\t\t\t\t\t<\/div>\n\t\t\t\t<\/div>\n\t\t<div class=\"elementor-element elementor-element-d5e0af5 e-flex e-con-boxed e-con e-parent\" data-id=\"d5e0af5\" data-element_type=\"container\" data-e-type=\"container\">\n\t\t\t\t\t<div class=\"e-con-inner\">\n\t\t\t\t<div class=\"elementor-element elementor-element-3c62fb1 elementor-widget elementor-widget-html\" data-id=\"3c62fb1\" data-element_type=\"widget\" data-e-type=\"widget\" data-widget_type=\"html.default\">\n\t\t\t\t<div class=\"elementor-widget-container\">\n\t\t\t\t\t<div style=\"max-width:900px; margin:auto;\">\r\n\r\n  <iframe \r\n    src=\"https:\/\/andana.uv.es\/wp-content\/uploads\/2026\/03\/primera-circular-I-Congreso-Internacional-ANDANA.pdf\" \r\n    width=\"100%\" \r\n    height=\"650px\" \r\n    style=\"border:none;\">\r\n  <\/iframe>\r\n\r\n  <p style=\"text-align:center; margin-top:15px;\">\r\n    <a href=\"https:\/\/andana.uv.es\/wp-content\/uploads\/2026\/03\/primera-circular-I-Congreso-Internacional-ANDANA.pdf\" \r\n       target=\"_blank\"\r\n       style=\"padding:12px 24px; background:#c2a47e; color:white; text-decoration:none; border-radius:4px;\">\r\n       CONSULTAR\r\n    <\/a>\r\n  <\/p>\r\n\r\n<\/div>\t\t\t\t<\/div>\n\t\t\t\t<\/div>\n\t\t\t\t\t<\/div>\n\t\t\t\t<\/div>\n\t\t\t\t<section class=\"elementor-section elementor-top-section elementor-element elementor-element-b66a9c0 elementor-section-content-top elementor-section-boxed elementor-section-height-default elementor-section-height-default\" data-id=\"b66a9c0\" data-element_type=\"section\" data-e-type=\"section\" data-settings=\"{&quot;background_background&quot;:&quot;classic&quot;}\">\n\t\t\t\t\t\t\t<div class=\"elementor-background-overlay\"><\/div>\n\t\t\t\t\t\t\t<div class=\"elementor-container elementor-column-gap-no\">\n\t\t\t\t\t<div class=\"elementor-column elementor-col-100 elementor-top-column elementor-element elementor-element-6a3d532\" data-id=\"6a3d532\" data-element_type=\"column\" data-e-type=\"column\">\n\t\t\t<div class=\"elementor-widget-wrap elementor-element-populated\">\n\t\t\t\t\t\t<div class=\"elementor-element elementor-element-7272e75 elementor-widget elementor-widget-heading\" data-id=\"7272e75\" data-element_type=\"widget\" data-e-type=\"widget\" id=\"congresos\" data-widget_type=\"heading.default\">\n\t\t\t\t<div class=\"elementor-widget-container\">\n\t\t\t\t\t<h2 class=\"elementor-heading-title elementor-size-default\">Congressos i jornades organitzats per ANDANA<\/h2>\t\t\t\t<\/div>\n\t\t\t\t<\/div>\n\t\t\t\t\t<\/div>\n\t\t<\/div>\n\t\t\t\t\t<\/div>\n\t\t<\/section>\n\t\t<div class=\"elementor-element elementor-element-07f9bdb e-flex e-con-boxed e-con e-parent\" data-id=\"07f9bdb\" data-element_type=\"container\" data-e-type=\"container\">\n\t\t\t\t\t<div class=\"e-con-inner\">\n\t\t<div class=\"elementor-element elementor-element-2ef509c e-con-full e-flex e-con e-child\" data-id=\"2ef509c\" data-element_type=\"container\" data-e-type=\"container\">\n\t\t\t\t<div class=\"elementor-element elementor-element-8d21fba elementor-position-top elementor-widget elementor-widget-image-box\" data-id=\"8d21fba\" data-element_type=\"widget\" data-e-type=\"widget\" data-widget_type=\"image-box.default\">\n\t\t\t\t<div class=\"elementor-widget-container\">\n\t\t\t\t\t<div class=\"elementor-image-box-wrapper\"><figure class=\"elementor-image-box-img\"><a href=\"https:\/\/www.uv.es\/uvweb\/socials\/es\/novedades\/jornadas-andana-etnografia-emergencia-reconstruccion-dana-del-29o-provincia-valencia-1285923210882\/Novetat.html?id=1286433850848\" target=\"_blank\" tabindex=\"-1\"><img fetchpriority=\"high\" decoding=\"async\" width=\"860\" height=\"602\" src=\"https:\/\/andana.uv.es\/wp-content\/uploads\/2026\/03\/Dana-ok.png\" class=\"attachment-full size-full wp-image-49466\" alt=\"\" srcset=\"https:\/\/andana.uv.es\/wp-content\/uploads\/2026\/03\/Dana-ok.png 860w, https:\/\/andana.uv.es\/wp-content\/uploads\/2026\/03\/Dana-ok-300x210.png 300w, https:\/\/andana.uv.es\/wp-content\/uploads\/2026\/03\/Dana-ok-768x538.png 768w, https:\/\/andana.uv.es\/wp-content\/uploads\/2026\/03\/Dana-ok-18x12.png 18w\" sizes=\"(max-width: 860px) 100vw, 860px\" \/><\/a><\/figure><div class=\"elementor-image-box-content\"><h3 class=\"elementor-image-box-title\"><a href=\"https:\/\/www.uv.es\/uvweb\/socials\/es\/novedades\/jornadas-andana-etnografia-emergencia-reconstruccion-dana-del-29o-provincia-valencia-1285923210882\/Novetat.html?id=1286433850848\" target=\"_blank\">I Jornades ANDANA<\/a><\/h3><p class=\"elementor-image-box-description\">Facultat de Ci\u00e8ncies Socials (Universitat de Val\u00e8ncia), 6 de maig de 2025.<\/p><\/div><\/div>\t\t\t\t<\/div>\n\t\t\t\t<\/div>\n\t\t\t\t<\/div>\n\t\t<div class=\"elementor-element elementor-element-87fc5d4 e-con-full e-flex e-con e-child\" data-id=\"87fc5d4\" data-element_type=\"container\" data-e-type=\"container\">\n\t\t\t\t<div class=\"elementor-element elementor-element-b7e91b4 elementor-position-top elementor-widget elementor-widget-image-box\" data-id=\"b7e91b4\" data-element_type=\"widget\" data-e-type=\"widget\" data-widget_type=\"image-box.default\">\n\t\t\t\t<div class=\"elementor-widget-container\">\n\t\t\t\t\t<div class=\"elementor-image-box-wrapper\"><figure class=\"elementor-image-box-img\"><a href=\"https:\/\/www.uv.es\/centro-idiomas-uv\/es\/agenda\/jornada-aniversario-29-octubre-1286194606250\/Esdeveniment.html?id=1286457108735&#038;p2=;010;02025;0;029;0;0;0;0;0;0;0;0\" target=\"_blank\" tabindex=\"-1\"><img decoding=\"async\" width=\"850\" height=\"596\" src=\"https:\/\/andana.uv.es\/wp-content\/uploads\/2026\/03\/culturacampus29102025jornadaaniversari29octubre8505961.jpg\" class=\"attachment-full size-full wp-image-49452\" alt=\"\" srcset=\"https:\/\/andana.uv.es\/wp-content\/uploads\/2026\/03\/culturacampus29102025jornadaaniversari29octubre8505961.jpg 850w, https:\/\/andana.uv.es\/wp-content\/uploads\/2026\/03\/culturacampus29102025jornadaaniversari29octubre8505961-300x210.jpg 300w, https:\/\/andana.uv.es\/wp-content\/uploads\/2026\/03\/culturacampus29102025jornadaaniversari29octubre8505961-768x539.jpg 768w, https:\/\/andana.uv.es\/wp-content\/uploads\/2026\/03\/culturacampus29102025jornadaaniversari29octubre8505961-18x12.jpg 18w\" sizes=\"(max-width: 850px) 100vw, 850px\" \/><\/a><\/figure><div class=\"elementor-image-box-content\"><h3 class=\"elementor-image-box-title\"><a href=\"https:\/\/www.uv.es\/centro-idiomas-uv\/es\/agenda\/jornada-aniversario-29-octubre-1286194606250\/Esdeveniment.html?id=1286457108735&#038;p2=;010;02025;0;029;0;0;0;0;0;0;0;0\" target=\"_blank\">II Jornades ANDANA<\/a><\/h3><p class=\"elementor-image-box-description\">Facultat de Ci\u00e8ncies Socials (Universitat de Val\u00e8ncia), 29 d\u2019octubre de 2025.<\/p><\/div><\/div>\t\t\t\t<\/div>\n\t\t\t\t<\/div>\n\t\t\t\t<\/div>\n\t\t<div class=\"elementor-element elementor-element-414fa3c e-con-full e-flex e-con e-child\" data-id=\"414fa3c\" data-element_type=\"container\" data-e-type=\"container\">\n\t\t\t\t<div class=\"elementor-element elementor-element-8616c60 elementor-position-top elementor-widget elementor-widget-image-box\" data-id=\"8616c60\" data-element_type=\"widget\" data-e-type=\"widget\" data-widget_type=\"image-box.default\">\n\t\t\t\t<div class=\"elementor-widget-container\">\n\t\t\t\t\t<div class=\"elementor-image-box-wrapper\"><figure class=\"elementor-image-box-img\"><img decoding=\"async\" src=\"https:\/\/andana.uv.es\/wp-content\/uploads\/elementor\/thumbs\/cropped-cropped-ANDANA5s-1-reprohgha4uz6az8hmgkfksagastu8352bpmjktolk.png\" title=\"cropped-cropped-ANDANA5s-1.png\" alt=\"cropped-cropped-ANDANA5s-1.png\" loading=\"lazy\" \/><\/figure><div class=\"elementor-image-box-content\"><h3 class=\"elementor-image-box-title\">III Jornades ANDANA<\/h3><p class=\"elementor-image-box-description\">Facultat de Ci\u00e8ncies Socials (Universitat de Val\u00e8ncia), 4 i 5 de desembre de 2025. <\/p><\/div><\/div>\t\t\t\t<\/div>\n\t\t\t\t<\/div>\n\t\t\t\t<\/div>\n\t\t\t\t\t<\/div>\n\t\t\t\t<\/div>\n\t\t<div class=\"elementor-element elementor-element-ee476f4 e-grid e-con-boxed e-con e-parent\" data-id=\"ee476f4\" data-element_type=\"container\" data-e-type=\"container\">\n\t\t\t\t\t<div class=\"e-con-inner\">\n\t\t\t\t<div class=\"elementor-element elementor-element-928e023 elementor-align-center elementor-widget elementor-widget-button\" data-id=\"928e023\" data-element_type=\"widget\" data-e-type=\"widget\" data-widget_type=\"button.default\">\n\t\t\t\t<div class=\"elementor-widget-container\">\n\t\t\t\t\t\t\t\t\t<div class=\"elementor-button-wrapper\">\n\t\t\t\t\t<a class=\"elementor-button elementor-button-link elementor-size-sm\" href=\"https:\/\/www.uv.es\/uvweb\/socials\/es\/novedades\/jornadas-andana-etnografia-emergencia-reconstruccion-dana-del-29o-provincia-valencia-1285923210882\/Novetat.html?id=1286433850848\" target=\"_blank\">\n\t\t\t\t\t\t<span class=\"elementor-button-content-wrapper\">\n\t\t\t\t\t\t\t\t\t<span class=\"elementor-button-text\">Info<\/span>\n\t\t\t\t\t<\/span>\n\t\t\t\t\t<\/a>\n\t\t\t\t<\/div>\n\t\t\t\t\t\t\t\t<\/div>\n\t\t\t\t<\/div>\n\t\t\t\t<div class=\"elementor-element elementor-element-2a8621f elementor-align-center elementor-widget elementor-widget-button\" data-id=\"2a8621f\" data-element_type=\"widget\" data-e-type=\"widget\" data-widget_type=\"button.default\">\n\t\t\t\t<div class=\"elementor-widget-container\">\n\t\t\t\t\t\t\t\t\t<div class=\"elementor-button-wrapper\">\n\t\t\t\t\t<a class=\"elementor-button elementor-button-link elementor-size-sm\" href=\"https:\/\/www.uv.es\/centro-idiomas-uv\/es\/agenda\/jornada-aniversario-29-octubre-1286194606250\/Esdeveniment.html?id=1286457108735&#038;p2=;010;02025;0;029;0;0;0;0;0;0;0;0\" target=\"_blank\">\n\t\t\t\t\t\t<span class=\"elementor-button-content-wrapper\">\n\t\t\t\t\t\t\t\t\t<span class=\"elementor-button-text\">Info<\/span>\n\t\t\t\t\t<\/span>\n\t\t\t\t\t<\/a>\n\t\t\t\t<\/div>\n\t\t\t\t\t\t\t\t<\/div>\n\t\t\t\t<\/div>\n\t\t\t\t<div class=\"elementor-element elementor-element-617a96b elementor-align-center elementor-widget elementor-widget-button\" data-id=\"617a96b\" data-element_type=\"widget\" data-e-type=\"widget\" data-widget_type=\"button.default\">\n\t\t\t\t<div class=\"elementor-widget-container\">\n\t\t\t\t\t\t\t\t\t<div class=\"elementor-button-wrapper\">\n\t\t\t\t\t<a class=\"elementor-button elementor-button-link elementor-size-sm\" href=\"https:\/\/www.instagram.com\/p\/DRUW-v7Cpfi\/?img_index=1\" target=\"_blank\">\n\t\t\t\t\t\t<span class=\"elementor-button-content-wrapper\">\n\t\t\t\t\t\t\t\t\t<span class=\"elementor-button-text\">Info<\/span>\n\t\t\t\t\t<\/span>\n\t\t\t\t\t<\/a>\n\t\t\t\t<\/div>\n\t\t\t\t\t\t\t\t<\/div>\n\t\t\t\t<\/div>\n\t\t\t\t\t<\/div>\n\t\t\t\t<\/div>\n\t\t\t\t<section class=\"elementor-section elementor-top-section elementor-element elementor-element-8549dd9 elementor-section-content-top elementor-section-boxed elementor-section-height-default elementor-section-height-default\" data-id=\"8549dd9\" data-element_type=\"section\" data-e-type=\"section\" data-settings=\"{&quot;background_background&quot;:&quot;classic&quot;}\">\n\t\t\t\t\t\t\t<div class=\"elementor-background-overlay\"><\/div>\n\t\t\t\t\t\t\t<div class=\"elementor-container elementor-column-gap-no\">\n\t\t\t\t\t<div class=\"elementor-column elementor-col-100 elementor-top-column elementor-element elementor-element-d8ba6f7\" data-id=\"d8ba6f7\" data-element_type=\"column\" data-e-type=\"column\">\n\t\t\t<div class=\"elementor-widget-wrap elementor-element-populated\">\n\t\t\t\t\t\t<div class=\"elementor-element elementor-element-bc391dc elementor-widget elementor-widget-heading\" data-id=\"bc391dc\" data-element_type=\"widget\" data-e-type=\"widget\" data-widget_type=\"heading.default\">\n\t\t\t\t<div class=\"elementor-widget-container\">\n\t\t\t\t\t<h2 class=\"elementor-heading-title elementor-size-default\">Congressos i Jornades que ha participat ANDANA<\/h2>\t\t\t\t<\/div>\n\t\t\t\t<\/div>\n\t\t\t\t\t<\/div>\n\t\t<\/div>\n\t\t\t\t\t<\/div>\n\t\t<\/section>\n\t\t<div class=\"elementor-element elementor-element-22ebb7a e-grid e-con-boxed e-con e-parent\" data-id=\"22ebb7a\" data-element_type=\"container\" data-e-type=\"container\">\n\t\t\t\t\t<div class=\"e-con-inner\">\n\t\t\t\t<div class=\"elementor-element elementor-element-7623725 elementor-position-top elementor-widget elementor-widget-image-box\" data-id=\"7623725\" data-element_type=\"widget\" data-e-type=\"widget\" data-widget_type=\"image-box.default\">\n\t\t\t\t<div class=\"elementor-widget-container\">\n\t\t\t\t\t<div class=\"elementor-image-box-wrapper\"><figure class=\"elementor-image-box-img\"><img decoding=\"async\" width=\"1024\" height=\"506\" src=\"https:\/\/andana.uv.es\/wp-content\/uploads\/2026\/03\/XVII-CONGRESO-INTERNACIONAL-DE-ANTROPOLOGIA-ASAEE-2025_Banner-eventos-1024x506.png\" class=\"attachment-large size-large wp-image-49468\" alt=\"\" srcset=\"https:\/\/andana.uv.es\/wp-content\/uploads\/2026\/03\/XVII-CONGRESO-INTERNACIONAL-DE-ANTROPOLOGIA-ASAEE-2025_Banner-eventos-1024x506.png 1024w, https:\/\/andana.uv.es\/wp-content\/uploads\/2026\/03\/XVII-CONGRESO-INTERNACIONAL-DE-ANTROPOLOGIA-ASAEE-2025_Banner-eventos-300x148.png 300w, https:\/\/andana.uv.es\/wp-content\/uploads\/2026\/03\/XVII-CONGRESO-INTERNACIONAL-DE-ANTROPOLOGIA-ASAEE-2025_Banner-eventos-768x379.png 768w, https:\/\/andana.uv.es\/wp-content\/uploads\/2026\/03\/XVII-CONGRESO-INTERNACIONAL-DE-ANTROPOLOGIA-ASAEE-2025_Banner-eventos-1536x759.png 1536w, https:\/\/andana.uv.es\/wp-content\/uploads\/2026\/03\/XVII-CONGRESO-INTERNACIONAL-DE-ANTROPOLOGIA-ASAEE-2025_Banner-eventos-18x9.png 18w, https:\/\/andana.uv.es\/wp-content\/uploads\/2026\/03\/XVII-CONGRESO-INTERNACIONAL-DE-ANTROPOLOGIA-ASAEE-2025_Banner-eventos.png 1563w\" sizes=\"(max-width: 1024px) 100vw, 1024px\" \/><\/figure><div class=\"elementor-image-box-content\"><h3 class=\"elementor-image-box-title\">XVII Congreso Internacional de Antropolog\u00eda <\/h3><\/div><\/div>\t\t\t\t<\/div>\n\t\t\t\t<\/div>\n\t\t\t\t<div class=\"elementor-element elementor-element-c42ed0b elementor-position-top elementor-widget elementor-widget-image-box\" data-id=\"c42ed0b\" data-element_type=\"widget\" data-e-type=\"widget\" data-widget_type=\"image-box.default\">\n\t\t\t\t<div class=\"elementor-widget-container\">\n\t\t\t\t\t<div class=\"elementor-image-box-wrapper\"><figure class=\"elementor-image-box-img\"><img loading=\"lazy\" decoding=\"async\" width=\"754\" height=\"552\" src=\"https:\/\/andana.uv.es\/wp-content\/uploads\/2026\/03\/GjI6qadWQAA9AFW-1.png\" class=\"attachment-full size-full wp-image-49469\" alt=\"\" srcset=\"https:\/\/andana.uv.es\/wp-content\/uploads\/2026\/03\/GjI6qadWQAA9AFW-1.png 754w, https:\/\/andana.uv.es\/wp-content\/uploads\/2026\/03\/GjI6qadWQAA9AFW-1-300x220.png 300w, https:\/\/andana.uv.es\/wp-content\/uploads\/2026\/03\/GjI6qadWQAA9AFW-1-16x12.png 16w\" sizes=\"(max-width: 754px) 100vw, 754px\" \/><\/figure><div class=\"elementor-image-box-content\"><h3 class=\"elementor-image-box-title\">XI Congreso de Migraciones<\/h3><\/div><\/div>\t\t\t\t<\/div>\n\t\t\t\t<\/div>\n\t\t\t\t<div class=\"elementor-element elementor-element-b29140a elementor-position-top elementor-widget elementor-widget-image-box\" data-id=\"b29140a\" data-element_type=\"widget\" data-e-type=\"widget\" data-widget_type=\"image-box.default\">\n\t\t\t\t<div class=\"elementor-widget-container\">\n\t\t\t\t\t<div class=\"elementor-image-box-wrapper\"><figure class=\"elementor-image-box-img\"><img loading=\"lazy\" decoding=\"async\" width=\"710\" height=\"496\" src=\"https:\/\/andana.uv.es\/wp-content\/uploads\/2026\/03\/Sin-titulo-2_Mesa-de-trabajo-1.png\" class=\"attachment-full size-full wp-image-49470\" alt=\"\" srcset=\"https:\/\/andana.uv.es\/wp-content\/uploads\/2026\/03\/Sin-titulo-2_Mesa-de-trabajo-1.png 710w, https:\/\/andana.uv.es\/wp-content\/uploads\/2026\/03\/Sin-titulo-2_Mesa-de-trabajo-1-300x210.png 300w, https:\/\/andana.uv.es\/wp-content\/uploads\/2026\/03\/Sin-titulo-2_Mesa-de-trabajo-1-18x12.png 18w\" sizes=\"(max-width: 710px) 100vw, 710px\" \/><\/figure><div class=\"elementor-image-box-content\"><h3 class=\"elementor-image-box-title\">Desastres Naturales y Ciencias Sociales<\/h3><\/div><\/div>\t\t\t\t<\/div>\n\t\t\t\t<\/div>\n\t\t\t\t\t<\/div>\n\t\t\t\t<\/div>\n\t\t<div class=\"elementor-element elementor-element-2ca6501 e-grid e-con-boxed e-con e-parent\" data-id=\"2ca6501\" data-element_type=\"container\" data-e-type=\"container\">\n\t\t\t\t\t<div class=\"e-con-inner\">\n\t\t\t\t<div class=\"elementor-element elementor-element-7e63a70 elementor-widget elementor-widget-text-editor\" data-id=\"7e63a70\" data-element_type=\"widget\" data-e-type=\"widget\" data-widget_type=\"text-editor.default\">\n\t\t\t\t<div class=\"elementor-widget-container\">\n\t\t\t\t\t\t\t\t\t<p style=\"text-align: center;\"><em>ASAEE 2025, Universitat de La Laguna, Tenerife (Can\u00e0ries)<\/em><\/p><hr \/><p style=\"text-align: center;\"><strong>Santamarina Campos, Beatriz:<\/strong> Coordinaci\u00f3 del simposi \u00abAntropologia d\u2019emerg\u00e8ncia i de les emerg\u00e8ncies. Perills, riscos, alarmes i inseguretats\u00bb.<\/p><hr \/><p style=\"text-align: center;\"><strong>Moncus\u00ed Ferr\u00e9, Albert:<\/strong><\/p><p style=\"text-align: center;\">\u00abReflexos del car\u00e0cter transitiu de l\u2019etnografia: de la urg\u00e8ncia a la immersi\u00f3 davant l\u2019emerg\u00e8ncia de la DANA de Val\u00e8ncia i els seus efectes\u00bb, comunicaci\u00f3.<\/p><hr \/><p style=\"text-align: center;\"><strong>Santamarina Campos, Beatriz y Santamarina Campos, Pablo:<\/strong><\/p><p style=\"text-align: center;\">\u00abSou el millor. El tsunami del voluntariat en la DANA de Val\u00e8ncia\u00bb, comunicaci\u00f3.<\/p>\t\t\t\t\t\t\t\t<\/div>\n\t\t\t\t<\/div>\n\t\t\t\t<div class=\"elementor-element elementor-element-0b66650 elementor-widget elementor-widget-text-editor\" data-id=\"0b66650\" data-element_type=\"widget\" data-e-type=\"widget\" data-widget_type=\"text-editor.default\">\n\t\t\t\t<div class=\"elementor-widget-container\">\n\t\t\t\t\t\t\t\t\t<p style=\"text-align: center;\"><em>Universitat de M\u00farcia, M\u00farcia<\/em><\/p><hr \/><p style=\"text-align: center;\"><strong>Esteban Apreda, Fenando, Moncus\u00ed Ferr\u00e9, Albert i Kolhaas, Martin: <\/strong><\/p><p style=\"text-align: center;\">\u00abLa resili\u00e8ncia dels altres: la poblaci\u00f3 migrant de l\u2019Horta Sud davant la DANA de Val\u00e8ncia i els seus efectes\u00bb, comunicaci\u00f3.<\/p>\t\t\t\t\t\t\t\t<\/div>\n\t\t\t\t<\/div>\n\t\t\t\t<div class=\"elementor-element elementor-element-3d07989 elementor-widget elementor-widget-text-editor\" data-id=\"3d07989\" data-element_type=\"widget\" data-e-type=\"widget\" data-widget_type=\"text-editor.default\">\n\t\t\t\t<div class=\"elementor-widget-container\">\n\t\t\t\t\t\t\t\t\t<p style=\"text-align: center;\"><em>Universitat Polit\u00e8cnica de Val\u00e8ncia (UPV), Val\u00e8ncia<\/em><\/p><hr \/><p style=\"text-align: center;\"><strong>Esteban Apreda, Fernando:<\/strong><\/p><p style=\"text-align: center;\">\u00abEls efectes de la DANA de Val\u00e8ncia sobre la poblaci\u00f3 immigrant: estudi de cas a l\u2019Horta Sud\u00bb, 2\/10\/2025.<\/p>\t\t\t\t\t\t\t\t<\/div>\n\t\t\t\t<\/div>\n\t\t\t\t\t<\/div>\n\t\t\t\t<\/div>\n\t\t\t\t<\/div>","protected":false},"excerpt":{"rendered":"<p>Congresos I Congreso Internacional de ANDANA PRIMERA CIRCULAR (MARZO 2026) CONSULTAR Congresos y Jornadas organizados por ANDANA I Jornadas ANDANA Facultad de Ciencias Sociales (Universidad de Valencia), 6 de mayo de 2025. II Jornadas ANDANA Facultad de Ciencias Sociales (Universidad de Valencia), 29 de octubre de 2025. III Jornadas ANDANA Facultad de Ciencias Sociales (Universidad [&hellip;]<\/p>\n","protected":false},"author":1,"featured_media":0,"parent":48885,"menu_order":0,"comment_status":"closed","ping_status":"closed","template":"","meta":{"site-sidebar-layout":"no-sidebar","site-content-layout":"page-builder","ast-site-content-layout":"default","site-content-style":"default","site-sidebar-style":"default","ast-global-header-display":"","ast-banner-title-visibility":"","ast-main-header-display":"","ast-hfb-above-header-display":"","ast-hfb-below-header-display":"","ast-hfb-mobile-header-display":"","site-post-title":"disabled","ast-breadcrumbs-content":"","ast-featured-img":"disabled","footer-sml-layout":"","ast-disable-related-posts":"","theme-transparent-header-meta":"enabled","adv-header-id-meta":"","stick-header-meta":"","header-above-stick-meta":"","header-main-stick-meta":"","header-below-stick-meta":"","astra-migrate-meta-layouts":"default","ast-page-background-enabled":"default","ast-page-background-meta":{"desktop":{"background-color":"var(--ast-global-color-4)","background-image":"","background-repeat":"repeat","background-position":"center center","background-size":"auto","background-attachment":"scroll","background-type":"","background-media":"","overlay-type":"","overlay-color":"","overlay-opacity":"","overlay-gradient":""},"tablet":{"background-color":"","background-image":"","background-repeat":"repeat","background-position":"center center","background-size":"auto","background-attachment":"scroll","background-type":"","background-media":"","overlay-type":"","overlay-color":"","overlay-opacity":"","overlay-gradient":""},"mobile":{"background-color":"","background-image":"","background-repeat":"repeat","background-position":"center center","background-size":"auto","background-attachment":"scroll","background-type":"","background-media":"","overlay-type":"","overlay-color":"","overlay-opacity":"","overlay-gradient":""}},"ast-content-background-meta":{"desktop":{"background-color":"var(--ast-global-color-5)","background-image":"","background-repeat":"repeat","background-position":"center center","background-size":"auto","background-attachment":"scroll","background-type":"","background-media":"","overlay-type":"","overlay-color":"","overlay-opacity":"","overlay-gradient":""},"tablet":{"background-color":"var(--ast-global-color-5)","background-image":"","background-repeat":"repeat","background-position":"center center","background-size":"auto","background-attachment":"scroll","background-type":"","background-media":"","overlay-type":"","overlay-color":"","overlay-opacity":"","overlay-gradient":""},"mobile":{"background-color":"var(--ast-global-color-5)","background-image":"","background-repeat":"repeat","background-position":"center center","background-size":"auto","background-attachment":"scroll","background-type":"","background-media":"","overlay-type":"","overlay-color":"","overlay-opacity":"","overlay-gradient":""}},"footnotes":""},"class_list":["post-49316","page","type-page","status-publish","hentry"],"_links":{"self":[{"href":"https:\/\/andana.uv.es\/val\/wp-json\/wp\/v2\/pages\/49316","targetHints":{"allow":["GET"]}}],"collection":[{"href":"https:\/\/andana.uv.es\/val\/wp-json\/wp\/v2\/pages"}],"about":[{"href":"https:\/\/andana.uv.es\/val\/wp-json\/wp\/v2\/types\/page"}],"author":[{"embeddable":true,"href":"https:\/\/andana.uv.es\/val\/wp-json\/wp\/v2\/users\/1"}],"replies":[{"embeddable":true,"href":"https:\/\/andana.uv.es\/val\/wp-json\/wp\/v2\/comments?post=49316"}],"version-history":[{"count":14,"href":"https:\/\/andana.uv.es\/val\/wp-json\/wp\/v2\/pages\/49316\/revisions"}],"predecessor-version":[{"id":49480,"href":"https:\/\/andana.uv.es\/val\/wp-json\/wp\/v2\/pages\/49316\/revisions\/49480"}],"up":[{"embeddable":true,"href":"https:\/\/andana.uv.es\/val\/wp-json\/wp\/v2\/pages\/48885"}],"wp:attachment":[{"href":"https:\/\/andana.uv.es\/val\/wp-json\/wp\/v2\/media?parent=49316"}],"curies":[{"name":"wp","href":"https:\/\/api.w.org\/{rel}","templated":true}]}}