{"id":49279,"date":"2025-11-27T09:26:58","date_gmt":"2025-11-27T09:26:58","guid":{"rendered":"https:\/\/andana.uv.es\/?page_id=49279"},"modified":"2026-03-10T08:29:56","modified_gmt":"2026-03-10T08:29:56","slug":"enlaces-interes","status":"publish","type":"page","link":"https:\/\/andana.uv.es\/val\/sinergias\/enlaces-interes\/","title":{"rendered":"Enlla\u00e7os d'inter\u00e9s"},"content":{"rendered":"<div data-elementor-type=\"wp-page\" data-elementor-id=\"49279\" class=\"elementor elementor-49279\">\n\t\t\t\t<div class=\"elementor-element elementor-element-93263f3 e-flex e-con-boxed e-con e-parent\" data-id=\"93263f3\" data-element_type=\"container\" data-e-type=\"container\" data-settings=\"{&quot;background_background&quot;:&quot;classic&quot;}\">\n\t\t\t\t\t<div class=\"e-con-inner\">\n\t\t<div class=\"elementor-element elementor-element-6c32ff7 e-flex e-con-boxed e-con e-child\" data-id=\"6c32ff7\" data-element_type=\"container\" data-e-type=\"container\">\n\t\t\t\t\t<div class=\"e-con-inner\">\n\t\t\t\t<div class=\"elementor-element elementor-element-888fcee elementor-widget elementor-widget-heading\" data-id=\"888fcee\" data-element_type=\"widget\" data-e-type=\"widget\" data-widget_type=\"heading.default\">\n\t\t\t\t<div class=\"elementor-widget-container\">\n\t\t\t\t\t<h1 class=\"elementor-heading-title elementor-size-default\">Enlla\u00e7os d'inter\u00e9s<\/h1>\t\t\t\t<\/div>\n\t\t\t\t<\/div>\n\t\t\t\t\t<\/div>\n\t\t\t\t<\/div>\n\t\t\t\t\t<\/div>\n\t\t\t\t<\/div>\n\t\t<div class=\"elementor-element elementor-element-64c5e37 e-flex e-con-boxed e-con e-parent\" data-id=\"64c5e37\" data-element_type=\"container\" data-e-type=\"container\">\n\t\t\t\t\t<div class=\"e-con-inner\">\n\t\t\t\t<div class=\"elementor-element elementor-element-f9a772c e-n-tabs-mobile elementor-widget elementor-widget-n-tabs\" data-id=\"f9a772c\" data-element_type=\"widget\" data-e-type=\"widget\" data-settings=\"{&quot;horizontal_scroll&quot;:&quot;disable&quot;}\" data-widget_type=\"nested-tabs.default\">\n\t\t\t\t<div class=\"elementor-widget-container\">\n\t\t\t\t\t\t\t<div class=\"e-n-tabs\" data-widget-number=\"261781292\" aria-label=\"Tabuladors. Obre elements amb Retorn o Espai, tanca amb Esc i navega amb les tecles de fletxa.\">\n\t\t\t<div class=\"e-n-tabs-heading translation-block\" role=\"tablist\">Cat\u00e0strofes i desastres<\/div>\n\t\t\t<div class=\"e-n-tabs-content\">\n\t\t\t\t<div id=\"e-n-tab-content-2617812921\" role=\"tabpanel\" aria-labelledby=\"e-n-tab-title-2617812921\" data-tab-index=\"1\" style=\"--n-tabs-title-order: 1;\" class=\"e-active elementor-element elementor-element-f187413 e-con-full e-flex e-con e-child\" data-id=\"f187413\" data-element_type=\"container\" data-e-type=\"container\">\n\t\t<div class=\"elementor-element elementor-element-bf1fe08 e-flex e-con-boxed e-con e-child\" data-id=\"bf1fe08\" data-element_type=\"container\" data-e-type=\"container\">\n\t\t\t\t\t<div class=\"e-con-inner\">\n\t\t\t\t<div class=\"elementor-element elementor-element-7102add elementor-widget elementor-widget-heading\" data-id=\"7102add\" data-element_type=\"widget\" data-e-type=\"widget\" data-widget_type=\"heading.default\">\n\t\t\t\t<div class=\"elementor-widget-container\">\n\t\t\t\t\t<h2 class=\"elementor-heading-title elementor-size-default\">Enlla\u00e7os d'inter\u00e9s sobre cat\u00e0strofes i desastres<\/h2>\t\t\t\t<\/div>\n\t\t\t\t<\/div>\n\t\t\t\t<div class=\"elementor-element elementor-element-6b5b8c1 elementor-widget elementor-widget-text-editor\" data-id=\"6b5b8c1\" data-element_type=\"widget\" data-e-type=\"widget\" data-widget_type=\"text-editor.default\">\n\t\t\t\t<div class=\"elementor-widget-container\">\n\t\t\t\t\t\t\t\t\t<ul><li><a href=\"https:\/\/waunet.org\/iuaes\/commission\/anthropology-of-risk-and-disaster\/\" target=\"_blank\" rel=\"noopener\">Anthropology of Risk and Disaster Comission (International Union of Anthropological and Ethnological Sciences)<\/a><\/li><li><p><a href=\"https:\/\/www.arcra.fr\/\" target=\"_blank\" rel=\"noopener\">Association pour la recherche sur les catastrophes et les risques en anthropologie<\/a><\/p><\/li><li><p><a href=\"https:\/\/www.sciencespo.fr\/ceri\/fr\/content\/catastrophes-et-risques-0.html\" target=\"_blank\" rel=\"noopener\">Centre de recherches internationales Catastrophes et risques<\/a><\/p><\/li><li><p><a href=\"https:\/\/cepri.net\/\" target=\"_blank\" rel=\"noopener\">Centre Europ\u00e9ene de Pr\u00e9vention du Risque d&#8217;Inondation<\/a><\/p><\/li><li><p><a href=\"https:\/\/www.ucl.ac.uk\/mathematical-physical-sciences\/risk-disaster-reduction\/about-us\" target=\"_blank\" rel=\"noopener\">Department of Risk and Disaster Reduction (University College London)<\/a><\/p><\/li><li><p><a href=\"https:\/\/easaonline.org\/networks\/disaster-and-crisis-anthropology-network\/\" target=\"_blank\" rel=\"noopener\">Disaster and Crisis Anthropology Network (Dican) (Europeanm Association of Social Anthropologists, EASA)<\/a><\/p><\/li><li><p><a href=\"https:\/\/www.ucl.ac.uk\/risk-disaster-reduction\/research\/centre-gender-and-disaster\/gender-and-disaster-network\" target=\"_blank\" rel=\"noopener\">Gender and Disaster Network (University College London)<\/a><\/p><\/li><li><p><a href=\"https:\/\/www.undrr.org\/our-impact\/campaigns\/no-natural-disasters\" target=\"_blank\" rel=\"noopener\">No natural disasters campaign (UNDRR)<\/a><\/p><\/li><li><p><a href=\"https:\/\/obsis.es\/\" target=\"_blank\" rel=\"noopener\">Observatorio Socioecon\u00f3mico de Inundaciones y Sequ\u00edas<\/a><\/p><\/li><li><p><a href=\"https:\/\/resist-project.eu\/\" target=\"_blank\" rel=\"noopener\">Projecte RESIST (Regions for climate change resilience through Innovation, Service and Technology)<\/a><\/p><\/li><li><p><a href=\"http:\/\/www.proyectogender.espora.es\/\" target=\"_blank\" rel=\"noopener\">Proyecto GENDER g\u00e9nero, desastres y riesgos (Universidad de Oviedo)<\/a><\/p><\/li><li><p><a href=\"https:\/\/appliedanthro.org\/news\/tigs-committees\/risk-disaster-tig\/\" target=\"_blank\" rel=\"noopener\">Risk and Disaster Topical Interest Group (Society for Applied Anthropology)<\/a><\/p><\/li><li><p><a href=\"https:\/\/www.isa-sociology.org\/en\/research-networks\/research-committees\/rc39-sociology-of-disasters\/\" target=\"_blank\" rel=\"noopener\">Research Commit\u00e9e on Sociology of disasters (International Sociological Association, ISA)<\/a><\/p><\/li><li><p><a href=\"https:\/\/www.undrr.org\/\" target=\"_blank\" rel=\"noopener\">United Nations Office for Disaster and Risk Reduction<\/a><\/p><\/li><\/ul>\t\t\t\t\t\t\t\t<\/div>\n\t\t\t\t<\/div>\n\t\t\t\t\t<\/div>\n\t\t\t\t<\/div>\n\t\t\t\t<\/div>\n\t\t<div id=\"e-n-tab-content-2617812922\" role=\"tabpanel\" aria-labelledby=\"e-n-tab-title-2617812922\" data-tab-index=\"2\" style=\"--n-tabs-title-order: 2;\" class=\"elementor-element elementor-element-725b711 e-con-full e-flex e-con e-child\" data-id=\"725b711\" data-element_type=\"container\" data-e-type=\"container\">\n\t\t<div class=\"elementor-element elementor-element-cb3c796 e-flex e-con-boxed e-con e-child\" data-id=\"cb3c796\" data-element_type=\"container\" data-e-type=\"container\">\n\t\t\t\t\t<div class=\"e-con-inner\">\n\t\t\t\t<div class=\"elementor-element elementor-element-08ab6f5 elementor-widget elementor-widget-heading\" data-id=\"08ab6f5\" data-element_type=\"widget\" data-e-type=\"widget\" data-widget_type=\"heading.default\">\n\t\t\t\t<div class=\"elementor-widget-container\">\n\t\t\t\t\t<h2 class=\"elementor-heading-title elementor-size-default\">Projectes i iniciatives sobre la DANA<\/h2>\t\t\t\t<\/div>\n\t\t\t\t<\/div>\n\t\t\t\t<div class=\"elementor-element elementor-element-efeb658 elementor-widget elementor-widget-text-editor\" data-id=\"efeb658\" data-element_type=\"widget\" data-e-type=\"widget\" data-widget_type=\"text-editor.default\">\n\t\t\t\t<div class=\"elementor-widget-container\">\n\t\t\t\t\t\t\t\t\t<ul><li><a href=\"https:\/\/www.plataformatercersector.es\/dana\/apoyo\/\" target=\"_blank\" rel=\"noopener\">Apoyo a entidades dana (Plataforma del tercer sector)<\/a><\/li><li><p><a href=\"https:\/\/fundaciohortasud.org\/portfolio-item\/repleguem-memoria-poble-paraules-dana\/\" target=\"_blank\" rel=\"noopener\">Arxiu \u00abParaules de la dana\u00bb (Fundaci\u00f3 Horta Sud)<\/a><\/p><\/li><li><p><a href=\"https:\/\/www.age-geografia.es\/site\/especial-dana-valencia\/\" target=\"_blank\" rel=\"noopener\">Especial dana AGE (Asociaci\u00f3n Espa\u00f1ola de Geograf\u00eda)<\/a><\/p><\/li><li><p><a href=\"https:\/\/tornallom.org\/ca\/inoblidable_dana\/\" target=\"_blank\" rel=\"noopener\">Inoblidable Dana (Mapa d&#8217;iniciatives solid\u00e0ries Tornallom)<\/a><\/p><\/li><li><p><a href=\"https:\/\/lesveusdeladana.com\/ca\/lesveusdeladana\/\" target=\"_blank\" rel=\"noopener\">Les veus de la dana<\/a><\/p><\/li><li><p><a href=\"https:\/\/www.mapa.gob.es\/es\/ministerio\/info-dana\" target=\"_blank\" rel=\"noopener\">Plan de Respuesta Inmediata, Recuperaci\u00f3n y Relanzamiento (Gobierno de Espa\u00f1a)<\/a><\/p><\/li><li><p><a href=\"https:\/\/aciara.gva.es\/va\/inici\" target=\"_blank\" rel=\"noopener\">Pla Recuperem Val\u00e8ncia (GVA)<\/a><\/p><\/li><li><p><a href=\"https:\/\/www.uv.es\/dana-29-O-un-any-despres\/ca\/29-0-any-despres.html\" target=\"_blank\" rel=\"noopener\">29O-Un any despr\u00e9s (Universitat de Val\u00e8ncia)<\/a><\/p><\/li><\/ul>\t\t\t\t\t\t\t\t<\/div>\n\t\t\t\t<\/div>\n\t\t\t\t\t<\/div>\n\t\t\t\t<\/div>\n\t\t\t\t<\/div>\n\t\t<div id=\"e-n-tab-content-2617812923\" role=\"tabpanel\" aria-labelledby=\"e-n-tab-title-2617812923\" data-tab-index=\"3\" style=\"--n-tabs-title-order: 3;\" class=\"elementor-element elementor-element-7cddfa1 e-con-full e-flex e-con e-child\" data-id=\"7cddfa1\" data-element_type=\"container\" data-e-type=\"container\">\n\t\t<div class=\"elementor-element elementor-element-e8aa144 e-flex e-con-boxed e-con e-child\" data-id=\"e8aa144\" data-element_type=\"container\" data-e-type=\"container\">\n\t\t\t\t\t<div class=\"e-con-inner\">\n\t\t\t\t<div class=\"elementor-element elementor-element-77f1f2a elementor-widget elementor-widget-heading\" data-id=\"77f1f2a\" data-element_type=\"widget\" data-e-type=\"widget\" data-widget_type=\"heading.default\">\n\t\t\t\t<div class=\"elementor-widget-container\">\n\t\t\t\t\t<h2 class=\"elementor-heading-title elementor-size-default\">Documentals i reportatges sobre la dana<\/h2>\t\t\t\t<\/div>\n\t\t\t\t<\/div>\n\t\t\t\t<div class=\"elementor-element elementor-element-6b2e59f elementor-widget elementor-widget-text-editor\" data-id=\"6b2e59f\" data-element_type=\"widget\" data-e-type=\"widget\" data-widget_type=\"text-editor.default\">\n\t\t\t\t<div class=\"elementor-widget-container\">\n\t\t\t\t\t\t\t\t\t<ul><li><a href=\"https:\/\/youtu.be\/iFa-pUkaM1I?list=PLLhUyPZ7578cKGh7NLdoy69dBUCb8vuL5\" target=\"_blank\" rel=\"noopener\">4 historias de resiliencia que muestran la dimensi\u00f3n de la tragedia tras la DANA en Valencia (2024) &#8211; BBC<\/a><\/li><li><a href=\"https:\/\/www.youtube.com\/watch?v=YCs_nLOyR9U\" target=\"_blank\" rel=\"noopener\">20:11, sobrevivir a la Dana (2025) &#8211; YouTube<\/a><\/li><li><a href=\"https:\/\/youtu.be\/49lLJpdeoQ8\" target=\"_blank\" rel=\"noopener\">29\/10: M\u00e1s que una Fecha, M\u00e1s que una Cat\u00e1strofe (2025) &#8211; YouTube<\/a><\/li><li><a href=\"https:\/\/www.rtve.es\/play\/videos\/el-dia-de-los-700-litros\/dia-700-litros\/16567909\/\" target=\"_blank\" rel=\"noopener\">El d\u00eda de los 700 litros (2025) &#8211; RTVE<\/a><\/li><li><a href=\"https:\/\/www.atresplayer.com\/lasexta\/programas\/historia-de-la-dana\/\" target=\"_blank\" rel=\"noopener\">Historia de la DANA (2025) &#8211; Atresplayer<\/a><\/li><li><a href=\"https:\/\/www.hbomax.com\/es\/es\/movies\/operacion-dana\/30c052ee-160c-4375-bc9b-913413fc75e4\" target=\"_blank\" rel=\"noopener\">Operaci\u00f3n DANA (2025) &#8211; HBO<\/a><\/li><li><a href=\"https:\/\/www.rtve.es\/play\/videos\/informe-semanal\/huella-del-barro\/16786841\/\">La huella del barro (2025) &#8211; RTVE<\/a><\/li><li><a href=\"https:\/\/youtu.be\/Ld2ejya6IXY\" target=\"_blank\" rel=\"noopener\">La huella de la DANA: la vida en Valencia un a\u00f1o despu\u00e9s de las inundaciones (2025) &#8211; YouTube<\/a><\/li><li><a href=\"https:\/\/youtu.be\/yWuTvQjHyKE\" target=\"_blank\" rel=\"noopener\">La Valencia inundada, un a\u00f1o despu\u00e9s: un viaje hacia el mar por los pueblos arrasados por la DANA (2025) &#8211; YouTube<\/a><\/li><li><a href=\"https:\/\/youtu.be\/a937CJHTRsg\" target=\"_blank\" rel=\"noopener\">Las capas de la memoria (2025) &#8211; YouTube<\/a><\/li><li><a href=\"https:\/\/youtu.be\/RT7cQkR0mfg\" target=\"_blank\" rel=\"noopener\">Resistents. Dones despr\u00e9s de la dana (2025) &#8211; YouTube<\/a><\/li><li><a href=\"https:\/\/nasproyectos.uv.es:5001\/sharing\/2FjrtsoKK\" target=\"_blank\" rel=\"noopener\">Salvem les fotos (2025) &#8211; Descargar<\/a><\/li><li><a href=\"https:\/\/youtu.be\/97WLZCcUoBw\" target=\"_blank\" rel=\"noopener\">Un a\u00f1o de la DANA en Valencia: seis familiares de v\u00edctimas narran c\u00f3mo murieron (2025) &#8211; YouTube<\/a><\/li><li><a href=\"https:\/\/youtu.be\/t1neQEotwTY\" target=\"_blank\" rel=\"noopener\">Valencia no olvida. Renacer tras la dana (2025) &#8211; YouTube<\/a><\/li><li><a href=\"https:\/\/larambleta.com\/documental-la-riada-silenciosa\/\" target=\"_blank\" rel=\"noopener\">Voluntarios: la riada silenciosa (2025) &#8211; La Rambleta<\/a><\/li><li><a href=\"https:\/\/www.bbc.co.uk\/programmes\/m002f2kw\" target=\"_blank\" rel=\"noopener\">Why Cities Flood: Spain&#8217;s Deadly Disaster (2025) &#8211; BBC<\/a><\/li><\/ul>\t\t\t\t\t\t\t\t<\/div>\n\t\t\t\t<\/div>\n\t\t\t\t\t<\/div>\n\t\t\t\t<\/div>\n\t\t\t\t<\/div>\n\t\t<div id=\"e-n-tab-content-2617812924\" role=\"tabpanel\" aria-labelledby=\"e-n-tab-title-2617812924\" data-tab-index=\"4\" style=\"--n-tabs-title-order: 4;\" class=\"elementor-element elementor-element-63917c4 e-flex e-con-boxed e-con e-child\" data-id=\"63917c4\" data-element_type=\"container\" data-e-type=\"container\">\n\t\t\t\t\t<div class=\"e-con-inner\">\n\t\t<div class=\"elementor-element elementor-element-5778e87 e-con-full e-flex e-con e-child\" data-id=\"5778e87\" data-element_type=\"container\" data-e-type=\"container\">\n\t\t\t\t<div class=\"elementor-element elementor-element-be4f81b elementor-widget elementor-widget-heading\" data-id=\"be4f81b\" data-element_type=\"widget\" data-e-type=\"widget\" data-widget_type=\"heading.default\">\n\t\t\t\t<div class=\"elementor-widget-container\">\n\t\t\t\t\t<h2 class=\"elementor-heading-title elementor-size-default\">Associacions de v\u00edctimes<\/h2>\t\t\t\t<\/div>\n\t\t\t\t<\/div>\n\t\t\t\t<div class=\"elementor-element elementor-element-598e02e elementor-widget elementor-widget-text-editor\" data-id=\"598e02e\" data-element_type=\"widget\" data-e-type=\"widget\" data-widget_type=\"text-editor.default\">\n\t\t\t\t<div class=\"elementor-widget-container\">\n\t\t\t\t\t\t\t\t\t<ul><li><a href=\"https:\/\/asociaciondamnificadosdana.com\/\" target=\"_blank\" rel=\"noopener\">Asociaci\u00f3n Damnificados DANA Horta Sud Valencia<\/a><\/li><li><a href=\"https:\/\/associaciodevictimesdana.com\/\" target=\"_blank\" rel=\"noopener\">Associaci\u00f3 v\u00edctimes de la DANA 29 octubre 2024<\/a><\/li><li><a href=\"https:\/\/www.victimasmortalesdana.com\/\" target=\"_blank\" rel=\"noopener\">Asociaci\u00f3n v\u00edctimas mortales 29-O<\/a><\/li><\/ul>\t\t\t\t\t\t\t\t<\/div>\n\t\t\t\t<\/div>\n\t\t\t\t<\/div>\n\t\t\t\t\t<\/div>\n\t\t\t\t<\/div>\n\t\t\t\t\t<\/div>\n\t\t<\/div>\n\t\t\t\t\t\t<\/div>\n\t\t\t\t<\/div>\n\t\t\t\t\t<\/div>\n\t\t\t\t<\/div>\n\t\t\t\t<\/div>","protected":false},"excerpt":{"rendered":"<p>Enlaces de inter\u00e9s Cat\u00e1strofes y desastres Proyectos e iniciativas Documentales y reportajes Asociaciones Enlaces de inter\u00e9s sobre cat\u00e1strofes y desastres Anthropology of Risk and Disaster Comission (International Union of Anthropological and Ethnological Sciences) Association pour la recherche sur les catastrophes et les risques en anthropologie Centre de recherches internationales Catastrophes et risques Centre Europ\u00e9ene de [&hellip;]<\/p>\n","protected":false},"author":1,"featured_media":0,"parent":49284,"menu_order":0,"comment_status":"closed","ping_status":"closed","template":"","meta":{"site-sidebar-layout":"no-sidebar","site-content-layout":"page-builder","ast-site-content-layout":"default","site-content-style":"default","site-sidebar-style":"default","ast-global-header-display":"","ast-banner-title-visibility":"","ast-main-header-display":"","ast-hfb-above-header-display":"","ast-hfb-below-header-display":"","ast-hfb-mobile-header-display":"","site-post-title":"disabled","ast-breadcrumbs-content":"","ast-featured-img":"disabled","footer-sml-layout":"","ast-disable-related-posts":"","theme-transparent-header-meta":"enabled","adv-header-id-meta":"","stick-header-meta":"","header-above-stick-meta":"","header-main-stick-meta":"","header-below-stick-meta":"","astra-migrate-meta-layouts":"default","ast-page-background-enabled":"default","ast-page-background-meta":{"desktop":{"background-color":"var(--ast-global-color-4)","background-image":"","background-repeat":"repeat","background-position":"center center","background-size":"auto","background-attachment":"scroll","background-type":"","background-media":"","overlay-type":"","overlay-color":"","overlay-opacity":"","overlay-gradient":""},"tablet":{"background-color":"","background-image":"","background-repeat":"repeat","background-position":"center center","background-size":"auto","background-attachment":"scroll","background-type":"","background-media":"","overlay-type":"","overlay-color":"","overlay-opacity":"","overlay-gradient":""},"mobile":{"background-color":"","background-image":"","background-repeat":"repeat","background-position":"center center","background-size":"auto","background-attachment":"scroll","background-type":"","background-media":"","overlay-type":"","overlay-color":"","overlay-opacity":"","overlay-gradient":""}},"ast-content-background-meta":{"desktop":{"background-color":"var(--ast-global-color-5)","background-image":"","background-repeat":"repeat","background-position":"center center","background-size":"auto","background-attachment":"scroll","background-type":"","background-media":"","overlay-type":"","overlay-color":"","overlay-opacity":"","overlay-gradient":""},"tablet":{"background-color":"var(--ast-global-color-5)","background-image":"","background-repeat":"repeat","background-position":"center center","background-size":"auto","background-attachment":"scroll","background-type":"","background-media":"","overlay-type":"","overlay-color":"","overlay-opacity":"","overlay-gradient":""},"mobile":{"background-color":"var(--ast-global-color-5)","background-image":"","background-repeat":"repeat","background-position":"center center","background-size":"auto","background-attachment":"scroll","background-type":"","background-media":"","overlay-type":"","overlay-color":"","overlay-opacity":"","overlay-gradient":""}},"footnotes":""},"class_list":["post-49279","page","type-page","status-publish","hentry"],"_links":{"self":[{"href":"https:\/\/andana.uv.es\/val\/wp-json\/wp\/v2\/pages\/49279","targetHints":{"allow":["GET"]}}],"collection":[{"href":"https:\/\/andana.uv.es\/val\/wp-json\/wp\/v2\/pages"}],"about":[{"href":"https:\/\/andana.uv.es\/val\/wp-json\/wp\/v2\/types\/page"}],"author":[{"embeddable":true,"href":"https:\/\/andana.uv.es\/val\/wp-json\/wp\/v2\/users\/1"}],"replies":[{"embeddable":true,"href":"https:\/\/andana.uv.es\/val\/wp-json\/wp\/v2\/comments?post=49279"}],"version-history":[{"count":19,"href":"https:\/\/andana.uv.es\/val\/wp-json\/wp\/v2\/pages\/49279\/revisions"}],"predecessor-version":[{"id":49432,"href":"https:\/\/andana.uv.es\/val\/wp-json\/wp\/v2\/pages\/49279\/revisions\/49432"}],"up":[{"embeddable":true,"href":"https:\/\/andana.uv.es\/val\/wp-json\/wp\/v2\/pages\/49284"}],"wp:attachment":[{"href":"https:\/\/andana.uv.es\/val\/wp-json\/wp\/v2\/media?parent=49279"}],"curies":[{"name":"wp","href":"https:\/\/api.w.org\/{rel}","templated":true}]}}